{"id":5644,"date":"2016-04-20T17:49:46","date_gmt":"2016-04-20T17:49:46","guid":{"rendered":"http:\/\/coachingwp.staging.wpengine.com\/?page_id=5644"},"modified":"2023-12-13T14:04:53","modified_gmt":"2023-12-13T11:04:53","slug":"about-me","status":"publish","type":"page","link":"https:\/\/imunteanu.com\/ro\/about-me\/","title":{"rendered":"About me"},"content":{"rendered":"<div id=\"pl-5644\"  class=\"panel-layout\" ><div id=\"pg-5644-0\"  class=\"panel-grid panel-no-style\" ><div id=\"pgc-5644-0-0\"  class=\"panel-grid-cell\" ><div id=\"panel-5644-0-0-0\" class=\"so-panel widget widget_rev-slider-widget widget_revslider panel-first-child panel-last-child\" data-index=\"0\" >\t\t\t<script src=\"\/\/imunteanu.com\/ro\/wp-content\/plugins\/revslider\/sr6\/assets\/js\/rbtools.min.js?rev=6.7.15\"><\/script>\n\t\t\t<script src=\"\/\/imunteanu.com\/ro\/wp-content\/plugins\/revslider\/sr6\/assets\/js\/rs6.min.js?rev=6.7.15\"><\/script>\n\n\t\t\t<!-- START About Me REVOLUTION SLIDER 6.7.15 --><p class=\"rs-p-wp-fix\"><\/p>\n\t\t\t<rs-module-wrap id=\"rev_slider_10_1_wrapper\" data-source=\"gallery\" style=\"visibility:hidden;background:transparent;padding:0;margin:0px auto;margin-top:0;margin-bottom:0;\">\n\t\t\t\t<rs-module id=\"rev_slider_10_1\" style=\"\" data-version=\"6.7.15\">\n\t\t\t\t\t<rs-slides style=\"overflow: hidden; position: absolute;\">\n\t\t\t\t\t\t<rs-slide style=\"position: absolute;\" data-key=\"rs-12\" data-title=\"Slide\" data-invisible=\"true\" data-anim=\"adpr:false;ms:600;\" data-in=\"o:0;\" data-out=\"a:false;\">\n\t\t\t\t\t\t\t<img decoding=\"async\" src=\"\/\/imunteanu.com\/ro\/wp-content\/plugins\/revslider\/sr6\/assets\/assets\/dummy.png\" alt=\"\" title=\"R6AD7562\" width=\"1935\" height=\"1365\" class=\"rev-slidebg tp-rs-img rs-lazyload\" data-lazyload=\"\/\/imunteanu.com\/ro\/wp-content\/uploads\/sites\/4\/2023\/12\/R6AD7562.jpg\" data-bg=\"p:50% 30%;\" data-no-retina>\n<!--\n\t\t\t\t\t\t\t--><rs-layer\n\t\t\t\t\t\t\t\tid=\"slider-10-slide-12-layer-4\" \n\t\t\t\t\t\t\t\tdata-type=\"text\"\n\t\t\t\t\t\t\t\tdata-color=\"#fff\"\n\t\t\t\t\t\t\t\tdata-rsp_ch=\"on\"\n\t\t\t\t\t\t\t\tdata-xy=\"xo:648px,552px,552px,552px;yo:176px,150px,150px,150px;\"\n\t\t\t\t\t\t\t\tdata-text=\"w:normal;s:36,30,30,30;l:47,40,40,40;ls:1px,0px,0px,0px;fw:700;\"\n\t\t\t\t\t\t\t\tdata-dim=\"minh:0,none,0,0;\"\n\t\t\t\t\t\t\t\tdata-frame_999=\"o:0;st:w;\"\n\t\t\t\t\t\t\t\tstyle=\"z-index:5;font-family:\"Bw Modelica\",-apple-system,BlinkMacSystemFont,Segoe UI,Roboto,Oxygen-Sans,Ubuntu,Cantarell,Helvetica Neue,sans-serif!important;\"\n\t\t\t\t\t\t\t>Afl\u0103 mai multe despre mine \n\t\t\t\t\t\t\t<\/rs-layer><!--\n\n\t\t\t\t\t\t\t--><rs-layer\n\t\t\t\t\t\t\t\tid=\"slider-10-slide-12-layer-5\" \n\t\t\t\t\t\t\t\tdata-type=\"text\"\n\t\t\t\t\t\t\t\tdata-color=\"#fff\"\n\t\t\t\t\t\t\t\tdata-rsp_ch=\"on\"\n\t\t\t\t\t\t\t\tdata-xy=\"xo:773px,659px,659px,659px;yo:225px,192px,192px,192px;\"\n\t\t\t\t\t\t\t\tdata-text=\"w:normal;s:20,17,17,17;l:32,27,27,27;ls:1px,0px,0px,0px;\"\n\t\t\t\t\t\t\t\tdata-dim=\"minh:0,none,0,0;\"\n\t\t\t\t\t\t\t\tdata-frame_999=\"o:0;st:w;\"\n\t\t\t\t\t\t\t\tstyle=\"z-index:6;font-family:\"Bw Modelica\", -apple-system, BlinkMacSystemFont, \"Segoe UI\", Roboto, Oxygen-Sans, Ubuntu, Cantarell, \"Helvetica Neue\", sans-serif;\"\n\t\t\t\t\t\t\t>Poze mai multe din via\u021ba mea \n\t\t\t\t\t\t\t<\/rs-layer><!--\n\n\t\t\t\t\t\t\t--><a\n\t\t\t\t\t\t\t\tid=\"slider-10-slide-12-layer-6\" \n\t\t\t\t\t\t\t\tclass=\"rs-layer rev-btn\"\n\t\t\t\t\t\t\t\thref=\"\/ro\/pictures-of-my-life\" target=\"_self\" rel=\"nofollow\"\n\t\t\t\t\t\t\t\tdata-type=\"button\"\n\t\t\t\t\t\t\t\tdata-color=\"#1d1d1b\"\n\t\t\t\t\t\t\t\tdata-rsp_ch=\"on\"\n\t\t\t\t\t\t\t\tdata-xy=\"xo:821px,700px,700px,700px;yo:285px,243px,243px,243px;\"\n\t\t\t\t\t\t\t\tdata-text=\"w:normal;s:16,13,13,13;l:40,34,34,34;fw:700;\"\n\t\t\t\t\t\t\t\tdata-dim=\"minh:0px,none,0px,0px;\"\n\t\t\t\t\t\t\t\tdata-padding=\"r:25,21,21,21;l:25,21,21,21;\"\n\t\t\t\t\t\t\t\tdata-border=\"bor:25px,25px,25px,25px;\"\n\t\t\t\t\t\t\t\tdata-frame_1=\"e:default;sp:0;\"\n\t\t\t\t\t\t\t\tdata-frame_999=\"o:0;st:w;\"\n\t\t\t\t\t\t\t\tdata-frame_hover=\"c:#fff;bgc:#0063a1;bor:25px,25px,25px,25px;bri:120%;\"\n\t\t\t\t\t\t\t\tstyle=\"z-index:7;background-color:#fcd63d;font-family:\"Bw Modelica\", -apple-system, BlinkMacSystemFont, \"Segoe UI\", Roboto, Oxygen-Sans, Ubuntu, Cantarell, \"Helvetica Neue\", sans-serif;\"\n\t\t\t\t\t\t\t>Vezi mai multe \n\t\t\t\t\t\t\t<\/a><!--\n-->\t\t\t\t\t<\/rs-slide>\n\t\t\t\t\t<\/rs-slides>\n\t\t\t\t\t<rs-static-layers><!--\n\t\t\t\t\t--><\/rs-static-layers>\n\t\t\t\t<\/rs-module>\n\t\t\t\t<script>\n\t\t\t\t\tsetREVStartSize({c: 'rev_slider_10_1',rl:[1240,1024,1024,1024],el:[520,400,400,400],gw:[1200,1024,1024,1024],gh:[520,400,400,400],type:'standard',justify:'',layout:'fullwidth',mh:\"0\"});if (window.RS_MODULES!==undefined && window.RS_MODULES.modules!==undefined && window.RS_MODULES.modules[\"revslider101\"]!==undefined) {window.RS_MODULES.modules[\"revslider101\"].once = false;window.revapi10 = undefined;if (window.RS_MODULES.checkMinimal!==undefined) window.RS_MODULES.checkMinimal()}\n\t\t\t\t<\/script>\n\t\t\t<\/rs-module-wrap>\n\t\t\t<!-- END REVOLUTION SLIDER -->\n<\/div><\/div><\/div><div id=\"pg-5644-1\"  class=\"panel-grid panel-has-style\" ><div class=\"panel-row-style panel-row-style-for-5644-1\" ><div id=\"pgc-5644-1-0\"  class=\"panel-grid-cell\" ><div id=\"panel-5644-1-0-0\" class=\"so-panel widget widget_black-studio-tinymce widget_black_studio_tinymce panel-first-child\" data-index=\"1\" ><div class=\"textwidget\"><p>Sunt licen\u0163iat \u00een psihologie \u015fi sociologie, cu o vast\u0103 experien\u0163\u0103 \u00een marketing at\u00e2t din perspectiva agen\u0163iei, c\u00e2t \u015fi a clientului, am ajutat peste 500 companii s\u0103-\u015fi creasc\u0103 cifra de afaceri. Am antrenat \u015fi c\u0103l\u0103uzit peste 50 profesioni\u015fti de marketing, pe care i-am \u00eendrumat \u00een cariera lor \u00een Digital Marketing.<\/p>\n<p>Prin programe online, seminare, workshop-uri, evenimente \u015fi chiar pe podium ca vorbitor, cuvintele mele au atins mii de oameni din Europa Central\u0103 \u015fi de Est.<\/p>\n<p>Am intrat \u00een fascinanta lume Digital Marketing \u00een urm\u0103 cu 15 ani, timp \u00een care am adunat peste 20,000 ore de activitate practic\u0103, \u00een permanen\u0163\u0103 \u00eencerc\u00e2nd s\u0103 ob\u0163in cel mai bun mod de a-mi combina curiozitatea privind comportamentul uman cu rezultatele pe care le ofer\u0103 un Digital Marketing eficient.<\/p>\n<\/div><\/div><div id=\"panel-5644-1-0-1\" class=\"so-panel widget widget_button panel-last-child\" data-index=\"2\" ><div class=\"thim-widget-button template-base\"><div class=\"border-button text-left\" style=\"\"><a class=\"widget-button  normal custom_style\" href=\"https:\/\/calendly.com\/imunteanu\" style=\"font-size: 13px;font-weight: 700;border-width: 0px;color: #000000;border-color: #fcd63d;background-color: #fcd63d;\" data-hover=\"font-size: 13px;font-weight: 700;color: #ffffff;border-color: #0063a1;background-color: #0063a1;\">Hai s\u0103 ne \u00eent\u00e2lnim<\/a><\/div><\/div><\/div><\/div><div id=\"pgc-5644-1-1\"  class=\"panel-grid-cell\" ><div id=\"panel-5644-1-1-0\" class=\"so-panel widget widget_image-box panel-first-child panel-last-child\" data-index=\"3\" ><div class=\"thim-widget-image-box template-base\"><div class=\"thim-image-box default-layout default\"><img loading=\"lazy\" decoding=\"async\" src=\"https:\/\/imunteanu.com\/ro\/wp-content\/uploads\/sites\/4\/2023\/12\/R6AD7301-e1702465488521.jpg\" alt=\"R6AD7301\" title=\"R6AD7301\"  width=\"1365\" height=\"1344\"><\/div><\/div><\/div><\/div><\/div><\/div><div id=\"pg-5644-2\"  class=\"panel-grid panel-has-style\" ><div class=\"siteorigin-panels-stretch panel-row-style panel-row-style-for-5644-2\" data-stretch-type=\"full\" ><div id=\"pgc-5644-2-0\"  class=\"panel-grid-cell\" ><div id=\"panel-5644-2-0-0\" class=\"so-panel widget widget_heading panel-first-child panel-last-child\" data-index=\"4\" ><div class=\"thim-widget-heading template-base\"><div class=\"sc_heading   text-left\"><h3 class=\"title\">EXPERIEN\u0162A MEA<\/h3><span class=\"line\"><\/span><\/div><\/div><\/div><\/div><\/div><\/div><div id=\"pg-5644-3\"  class=\"panel-grid panel-has-style\" ><div class=\"siteorigin-panels-stretch panel-row-style panel-row-style-for-5644-3\" data-stretch-type=\"full\" ><div id=\"pgc-5644-3-0\"  class=\"panel-grid-cell\" ><div id=\"panel-5644-3-0-0\" class=\"so-panel widget widget_text panel-first-child\" data-index=\"5\" ><div class=\"panel-widget-style panel-widget-style-for-5644-3-0-0\" >\t\t\t<div class=\"textwidget\"><p><strong>Prin mentorate, coaching, pe podium ca vorbitor, sau ca urmare a programelor de dezvoltare individual\u0103, am ajuns la inimile \u015fi min\u0163ile a mii de profesioni\u015fti, oameni din toate col\u0163urile lumii \u015fi i-am ajutat s\u0103 creasc\u0103 at\u00e2t \u00een via\u0163a profesional\u0103, c\u00e2t \u015fi \u00een cea personal\u0103.<\/strong><\/p>\n<\/div>\n\t\t<\/div><\/div><div id=\"panel-5644-3-0-1\" class=\"so-panel widget widget_black-studio-tinymce widget_black_studio_tinymce panel-last-child\" data-index=\"6\" ><div class=\"textwidget\"><ul>\n<li><strong>Ca partener fondator al WebDigital<\/strong>, prima agen\u0163ie specializat\u0103 de marketing PPC din Rom\u00e2nia, \u00eenfiin\u0163at\u0103 \u00een 2009, am ajutat s\u0103 creasc\u0103 peste 500 companii online \u015fi am contribuit la dezvoltarea a peste 50 profesioni\u015fti \u00een Digital Marketing, \u00eenc\u0103 din prima zi.<\/li>\n<li><strong>Prin start-up-ul de tehnologie Reefkig Solutions<\/strong> am externalizat \u0219i transformat \u00eentr-o solutie SaaS procese automatizate pentru o mai bun\u0103 utilizare a resurselor, gestionare a activit\u0103\u021bilor \u015fi costurilor cu promovarea, conceput\u0103 ini\u021bial pentru rezolvarea cerin\u021belor agen\u0163iilor digitale. Reefkig Budgets, parte din Reefkig Solutions rezolva provoc\u0103rile tuturor celor care gestioneaz\u0103 bugete de media \u0219i se promoveaz\u0103 online.<\/li>\n<li><strong>\u00cen calitate de co-fondator al comunit\u0103\u0163ii \u201eLumea SEO PPC\u201d<\/strong> din Bucure\u015fti, \u00eenfiin\u0163at\u0103 \u00een 2010, am facilitat apropierea dintre speciali\u015ftii \u00een Digital Marketing \u015fi proprietarii de afaceri.<\/li>\n<li><strong>De mai bine de 10 ani am activat ca trainer \u015fi speaker<\/strong> \u00een cadrul multor evenimente din domeniile Digital Marketing \u015fi tehnologie, din Europa Central\u0103 \u015fi de Est. Instructor TOT certificat din 2015 \u015fi absolvent post-universitar de public speaking la SNSPA din 2017.<\/li>\n<\/ul>\n<\/div><\/div><\/div><div id=\"pgc-5644-3-1\"  class=\"panel-grid-cell\" ><div id=\"panel-5644-3-1-0\" class=\"so-panel widget widget_black-studio-tinymce widget_black_studio_tinymce panel-first-child\" data-index=\"7\" ><div class=\"panel-widget-style panel-widget-style-for-5644-3-1-0\" ><div class=\"textwidget\"><ul>\n<li><strong>Membru al CEE Digital Alliance <\/strong>(ex BlueAlliance)\u00a0din 2017, un parteneriat al agen\u0163iilor independente din 15 \u0163\u0103ri din Europa Central\u0103 \u015fi de Est, cu peste 500 exper\u0163i autoriza\u0163i, peste 24,000,000 \u20ac bugete media anuale \u015fi peste 2,100 proiecte la activ.<\/li>\n<li>Ca <strong>membru \u00een Consiliul de Administra\u0163ie al IAB Rom\u00e2nia<\/strong>, reprezint o voce ce militeaz\u0103 pentru educa\u021bie, echilibru \u0219i colaborare, reprezent\u00e2nd perspectiva agen\u021biei independente de marketing centrat pe performan\u021b\u0103<\/li>\n<li>\u00cenc\u0103 din 2018,<strong> mi-am asumat rolul de consultant \u015fi instructor \u00een formarea de echipe \u015fi agen\u0163ii digitale<\/strong>, ajut\u00e2nd proprietarii de agen\u0163ii \u015fi liderii de echip\u0103 s\u0103 creasc\u0103 echipe care s\u0103 \u00een\u021beleag\u0103 \u0219i s\u0103 navigheze mai bine \u00een zona serviciilor de marketing digital.<\/li>\n<li>Din 2019 sunt <strong>membru al John Maxwell Team Romania<\/strong>, cel mai important \u015fi mai rapid program de certificare a antreprenorilor din lume.<\/li>\n<\/ul>\n<\/div><\/div><\/div><div id=\"panel-5644-3-1-1\" class=\"so-panel widget widget_button panel-last-child\" data-index=\"8\" ><div class=\"thim-widget-button template-base\"><div class=\"border-button text-right\" style=\"\"><a class=\"widget-button  normal custom_style\" href=\"https:\/\/www.linkedin.com\/in\/imunteanu\/\" target=\"_blank\" style=\"font-size: 13px;font-weight: 700;border-width: 0px;color: #000000;border-color: #fcd63d;background-color: #fcd63d;\" data-hover=\"font-size: 13px;font-weight: 700;color: #ffffff;border-color: #0063a1;background-color: #0063a1;\">Vezi mai multe pe LinkedIn \u0219i hai s\u0103 ne conect\u0103m<\/a><\/div><\/div><\/div><\/div><\/div><\/div><div id=\"pg-5644-4\"  class=\"panel-grid panel-has-style\" ><div class=\"siteorigin-panels-stretch panel-row-style panel-row-style-for-5644-4\" data-stretch-type=\"full-stretched\" ><div id=\"pgc-5644-4-0\"  class=\"panel-grid-cell\" ><div id=\"panel-5644-4-0-0\" class=\"so-panel widget widget_timeline-slider panel-first-child panel-last-child\" data-index=\"9\" ><div class=\"panel-widget-style panel-widget-style-for-5644-4-0-0\" ><div class=\"thim-widget-timeline-slider template-base\"><div class=\"thim-timeline-slider\">\n\t<div class=\"container\">\n\t\t<div class=\"thim-carousel-wrapper \" data-navigation=\"1\" data-visible=\"3\">\n\n\t\t\t\t\t\t\t<div class=\"item\">\n\t\t\t\t\t<div class=\"top\">\n\t\t\t\t\t\t<h3 class=\"title\">Managing Partner \u0219i Fondator PAN CONCEPT Interna\u021bional (Innobyte)<\/h3>\n\t\t\t\t\t\t<div class=\"description\">La v\u00e2rsta de doar 22 de ani am devenit Managing Partner al PAN CONCEPT International, \u00een prezent INNOBYTE, unde am construit o echip\u0103 de tineri profesioni\u015fti entuzia\u015fti \u00een mai pu\u0163in de un an de activitate.<\/div>\n\t\t\t\t\t<\/div>\n\n\t\t\t\t\t<div class=\"bottom\">\n\t\t\t\t\t\t<div class=\"dot\"><\/div>\n\t\t\t\t\t\t<div class=\"time\">2006<\/div>\n\t\t\t\t\t<\/div>\n\t\t\t\t<\/div>\n\t\t\t\t\t\t\t<div class=\"item\">\n\t\t\t\t\t<div class=\"top\">\n\t\t\t\t\t\t<h3 class=\"title\">Online Marketing Manager la Republika.ro<\/h3>\n\t\t\t\t\t\t<div class=\"description\">Am coordonat strategiile de marketing \u0219i promovare, aduc\u00e2nd expertiza mea in Search Engine Marketing si Digital Marketing, lu\u00e2nd parte \u00een toate proiectele agen\u0163iei. Coordon\u00e2nd programul de internship care a ajutat la identificarea \u0219i dezvoltarea noilor talente \u00een marketing digital.<\/div>\n\t\t\t\t\t<\/div>\n\n\t\t\t\t\t<div class=\"bottom\">\n\t\t\t\t\t\t<div class=\"dot\"><\/div>\n\t\t\t\t\t\t<div class=\"time\">2009<\/div>\n\t\t\t\t\t<\/div>\n\t\t\t\t<\/div>\n\t\t\t\t\t\t\t<div class=\"item\">\n\t\t\t\t\t<div class=\"top\">\n\t\t\t\t\t\t<h3 class=\"title\">Consultant \u015fi Trainer<\/h3>\n\t\t\t\t\t\t<div class=\"description\">Cu scopul de a forma echipe \u015fi agen\u0163ii digitale durabile, \u00eencep\u00e2nd din anul 2018 am ajutat proprietarii de agen\u0163ii \u015fi liderii de echip\u0103 s\u0103 se extind\u0103 de la grupuri de circa 5 persoane la echipe de c\u00e2te 20. \u00cen tot acest timp, am \u00eendrumat tinerii profesioni\u015fti c\u0103tre o \u00een\u0163elegere complet\u0103 a domeniului marketingului digital.<\/div>\n\t\t\t\t\t<\/div>\n\n\t\t\t\t\t<div class=\"bottom\">\n\t\t\t\t\t\t<div class=\"dot\"><\/div>\n\t\t\t\t\t\t<div class=\"time\">2010<\/div>\n\t\t\t\t\t<\/div>\n\t\t\t\t<\/div>\n\t\t\t\t\t\t\t<div class=\"item\">\n\t\t\t\t\t<div class=\"top\">\n\t\t\t\t\t\t<h3 class=\"title\">Fondator WebDigital<\/h3>\n\t\t\t\t\t\t<div class=\"description\">C\u00e2nd am creat WebDigital, am \u00eenceput cu o echip\u0103 de doi \u015fi ne-am dezvoltat \u00eentr-o afacere cu peste 3 milioane de euro \u00een bugete media pentru clien\u0163i, \u00een fiecare an. \u00cen ultimii 3 ani, am implementat s\u0103pt\u0103m\u00e2na de lucru de 4 zile, cu ziua de luni liber\u0103, urm\u00e2nd principiile lui Jeff Sutherland.<\/div>\n\t\t\t\t\t<\/div>\n\n\t\t\t\t\t<div class=\"bottom\">\n\t\t\t\t\t\t<div class=\"dot\"><\/div>\n\t\t\t\t\t\t<div class=\"time\">2010<\/div>\n\t\t\t\t\t<\/div>\n\t\t\t\t<\/div>\n\t\t\t\t\t\t\t<div class=\"item\">\n\t\t\t\t\t<div class=\"top\">\n\t\t\t\t\t\t<h3 class=\"title\">Board Member \u00een CEE Digital Alliance (ex-BlueAlliance)<\/h3>\n\t\t\t\t\t\t<div class=\"description\">Membru \u00een consiliul de administratie CEE Digital Alliance, un parteneriat al agen\u0163iilor independente din 15 \u0163\u0103ri din Europa Central\u0103 \u015fi de Est, cu peste 500 exper\u0163i autoriza\u0163i, peste 24,000,000 \u20ac bugete media anual \u015fi mai mult de 2,100 proiecte la activ.<\/div>\n\t\t\t\t\t<\/div>\n\n\t\t\t\t\t<div class=\"bottom\">\n\t\t\t\t\t\t<div class=\"dot\"><\/div>\n\t\t\t\t\t\t<div class=\"time\">2017<\/div>\n\t\t\t\t\t<\/div>\n\t\t\t\t<\/div>\n\t\t\t\t\t\t\t<div class=\"item\">\n\t\t\t\t\t<div class=\"top\">\n\t\t\t\t\t\t<h3 class=\"title\">Board Member \u00een IAB Romania<\/h3>\n\t\t\t\t\t\t<div class=\"description\">Dorin\u0163a \u015fi ambi\u0163ia de a ajuta t\u00e2n\u0103ra genera\u0163ie s\u0103-\u015fi \u00eenceap\u0103 cu dreptul cariera \u00een Digital Marketing au f\u0103cut posibil\u0103 accederea mea ca membru \u00een consiliul de administra\u0163ie al IAB Rom\u00e2nia. Scopul asocia\u0163iei este s\u0103 construiasc\u0103 o pia\u0163\u0103 a muncii dotat\u0103 cu profesioni\u015fti care iubesc ceea ce fac \u015fi sunt dedica\u0163i misiunii lor. Unul dintre proiectele pe care le-am conceput \u015fi ini\u0163iat este Academia IAB, un program menit s\u0103 aduc\u0103 laolalt\u0103 to\u0163i speciali\u015ftii \u015fi exper\u0163ii din industria de marketing din Rom\u00e2nia \u015fi s\u0103 creeze o platform\u0103 care s\u0103-i \u00eenve\u0163e pe noii profesioni\u015fti tainele Digital Marketing.<\/div>\n\t\t\t\t\t<\/div>\n\n\t\t\t\t\t<div class=\"bottom\">\n\t\t\t\t\t\t<div class=\"dot\"><\/div>\n\t\t\t\t\t\t<div class=\"time\">2019<\/div>\n\t\t\t\t\t<\/div>\n\t\t\t\t<\/div>\n\t\t\t\t\t\t\t<div class=\"item\">\n\t\t\t\t\t<div class=\"top\">\n\t\t\t\t\t\t<h3 class=\"title\">Fondator Reefkig<\/h3>\n\t\t\t\t\t\t<div class=\"description\">Prin start-up-ul de tehnologie Reefkig Solutions am externalizat \u0219i transformat \u00eentr-o solutie SaaS procese automatizate pentru o mai bun\u0103 utilizare a resurselor, gestionare a activit\u0103\u021bilor \u015fi costurilor cu promovarea, conceput\u0103 ini\u021bial pentru rezolvarea cerin\u021belor agen\u0163iilor digitale. Reefkig Budgets, parte din Reefkig Solutions rezolva provoc\u0103rile tuturor celor care gestioneaz\u0103 bugete de media \u0219i se promoveaz\u0103 online.<\/div>\n\t\t\t\t\t<\/div>\n\n\t\t\t\t\t<div class=\"bottom\">\n\t\t\t\t\t\t<div class=\"dot\"><\/div>\n\t\t\t\t\t\t<div class=\"time\">2020<\/div>\n\t\t\t\t\t<\/div>\n\t\t\t\t<\/div>\n\t\t\t\t\t<\/div>\n\t<\/div>\n\n\t<div class=\"line\"><\/div>\n<\/div><\/div><\/div><\/div><\/div><\/div><\/div><div id=\"pg-5644-5\"  class=\"panel-grid panel-has-style\" ><div class=\"siteorigin-panels-stretch panel-row-style panel-row-style-for-5644-5\" data-stretch-type=\"full-stretched\" ><div id=\"pgc-5644-5-0\"  class=\"panel-grid-cell\" ><div id=\"panel-5644-5-0-0\" class=\"so-panel widget widget_text panel-first-child panel-last-child\" data-index=\"10\" ><div class=\"panel-widget-style panel-widget-style-for-5644-5-0-0\" >\t\t\t<div class=\"textwidget\"><div class=\" wrap-circle \">\n    <div class=\" border-circle \">\n        <a class=\"circle\" href=\"\/ro\/contact\/\">Pick <strong>my brain<\/strong><\/a>\n    <\/div>\n<\/div>\n<\/div>\n\t\t<\/div><\/div><\/div><div id=\"pgc-5644-5-1\"  class=\"panel-grid-cell\" ><div id=\"panel-5644-5-1-0\" class=\"so-panel widget widget_text panel-first-child panel-last-child\" data-index=\"11\" ><div class=\"panel-widget-style panel-widget-style-for-5644-5-1-0\" >\t\t\t<div class=\"textwidget\"><div class=\" wrap-circle \">\n    <div class=\" border-circle \">\n        <a class=\"circle\" href=\"https:\/\/www.udemy.com\/user\/munteanuionutradu\/\" target=\"_blank\" rel=\"noopener noreferrer\">G\u0103se\u0219te<strong>cursurile online<\/strong><\/a>\n    <\/div>\n<\/div><\/div>\n\t\t<\/div><\/div><\/div><div id=\"pgc-5644-5-2\"  class=\"panel-grid-cell\" ><div id=\"panel-5644-5-2-0\" class=\"so-panel widget widget_text panel-first-child panel-last-child\" data-index=\"12\" ><div class=\"panel-widget-style panel-widget-style-for-5644-5-2-0\" >\t\t\t<div class=\"textwidget\"><div class=\"wrap-circle\">\n    <div class=\"border-circle\">\n        <a class=\"circle\" href=\"\/ro\/master-programs\/\">G\u0103se\u0219te<strong>master programul t\u0103u<\/strong><\/a>\n    <\/div>\n<\/div><\/div>\n\t\t<\/div><\/div><\/div><\/div><\/div><\/div>","protected":false},"excerpt":{"rendered":"<p>Sunt licen\u0163iat \u00een psihologie \u015fi sociologie, cu o vast\u0103 experien\u0163\u0103 \u00een marketing at\u00e2t din perspectiva agen\u0163iei, c\u00e2t \u015fi a clientului, am ajutat peste 500 companii s\u0103-\u015fi creasc\u0103 cifra de afaceri. Am antrenat \u015fi c\u0103l\u0103uzit peste 50 profesioni\u015fti de marketing, pe [&hellip;]<\/p>\n","protected":false},"author":2,"featured_media":0,"parent":0,"menu_order":0,"comment_status":"closed","ping_status":"closed","template":"page-templates\/homepage.php","meta":{"footnotes":""},"class_list":["post-5644","page","type-page","status-publish","hentry"],"yoast_head":"<!-- This site is optimized with the Yoast SEO plugin v23.2 - https:\/\/yoast.com\/wordpress\/plugins\/seo\/ -->\n<title>About me - (ro) iMunteanu.com<\/title>\n<meta name=\"robots\" content=\"index, follow, max-snippet:-1, max-image-preview:large, max-video-preview:-1\" \/>\n<link rel=\"canonical\" href=\"https:\/\/imunteanu.com\/ro\/about-me\/\" \/>\n<meta property=\"og:locale\" content=\"ro_RO\" \/>\n<meta property=\"og:type\" content=\"article\" \/>\n<meta property=\"og:title\" content=\"About me - (ro) iMunteanu.com\" \/>\n<meta property=\"og:description\" content=\"Sunt licen\u0163iat \u00een psihologie \u015fi sociologie, cu o vast\u0103 experien\u0163\u0103 \u00een marketing at\u00e2t din perspectiva agen\u0163iei, c\u00e2t \u015fi a clientului, am ajutat peste 500 companii s\u0103-\u015fi creasc\u0103 cifra de afaceri. Am antrenat \u015fi c\u0103l\u0103uzit peste 50 profesioni\u015fti de marketing, pe [&hellip;]\" \/>\n<meta property=\"og:url\" content=\"https:\/\/imunteanu.com\/ro\/about-me\/\" \/>\n<meta property=\"og:site_name\" content=\"(ro) iMunteanu.com\" \/>\n<meta property=\"article:publisher\" content=\"https:\/\/www.facebook.com\/irmunteanu\/\" \/>\n<meta property=\"article:modified_time\" content=\"2023-12-13T11:04:53+00:00\" \/>\n<meta name=\"twitter:card\" content=\"summary_large_image\" \/>\n<meta name=\"twitter:site\" content=\"@imunteanu\" \/>\n<meta name=\"twitter:label1\" content=\"Timp estimat pentru citire\" \/>\n\t<meta name=\"twitter:data1\" content=\"3 minute\" \/>\n<script type=\"application\/ld+json\" class=\"yoast-schema-graph\">{\"@context\":\"https:\/\/schema.org\",\"@graph\":[{\"@type\":\"WebPage\",\"@id\":\"https:\/\/imunteanu.com\/ro\/about-me\/\",\"url\":\"https:\/\/imunteanu.com\/ro\/about-me\/\",\"name\":\"About me - (ro) iMunteanu.com\",\"isPartOf\":{\"@id\":\"https:\/\/imunteanu.com\/ro\/#website\"},\"datePublished\":\"2016-04-20T17:49:46+00:00\",\"dateModified\":\"2023-12-13T11:04:53+00:00\",\"breadcrumb\":{\"@id\":\"https:\/\/imunteanu.com\/ro\/about-me\/#breadcrumb\"},\"inLanguage\":\"ro-RO\",\"potentialAction\":[{\"@type\":\"ReadAction\",\"target\":[\"https:\/\/imunteanu.com\/ro\/about-me\/\"]}]},{\"@type\":\"BreadcrumbList\",\"@id\":\"https:\/\/imunteanu.com\/ro\/about-me\/#breadcrumb\",\"itemListElement\":[{\"@type\":\"ListItem\",\"position\":1,\"name\":\"Home\",\"item\":\"https:\/\/imunteanu.com\/ro\/\"},{\"@type\":\"ListItem\",\"position\":2,\"name\":\"About me\"}]},{\"@type\":\"WebSite\",\"@id\":\"https:\/\/imunteanu.com\/ro\/#website\",\"url\":\"https:\/\/imunteanu.com\/ro\/\",\"name\":\"iMunteanu.com\",\"description\":\"\",\"publisher\":{\"@id\":\"https:\/\/imunteanu.com\/ro\/#\/schema\/person\/601f4f83c3d8535440cd02b96b7be132\"},\"potentialAction\":[{\"@type\":\"SearchAction\",\"target\":{\"@type\":\"EntryPoint\",\"urlTemplate\":\"https:\/\/imunteanu.com\/ro\/?s={search_term_string}\"},\"query-input\":\"required name=search_term_string\"}],\"inLanguage\":\"ro-RO\"},{\"@type\":[\"Person\",\"Organization\"],\"@id\":\"https:\/\/imunteanu.com\/ro\/#\/schema\/person\/601f4f83c3d8535440cd02b96b7be132\",\"name\":\"Ionu\u021b Radu Munteanu\",\"image\":{\"@type\":\"ImageObject\",\"inLanguage\":\"ro-RO\",\"@id\":\"https:\/\/imunteanu.com\/ro\/#\/schema\/person\/image\/\",\"url\":\"https:\/\/secure.gravatar.com\/avatar\/50d58aa9761d409246e1243accf6d2c431c9e938d60f4013cdbe8040b278b25f?s=96&d=mm&r=g\",\"contentUrl\":\"https:\/\/secure.gravatar.com\/avatar\/50d58aa9761d409246e1243accf6d2c431c9e938d60f4013cdbe8040b278b25f?s=96&d=mm&r=g\",\"caption\":\"Ionu\u021b Radu Munteanu\"},\"logo\":{\"@id\":\"https:\/\/imunteanu.com\/ro\/#\/schema\/person\/image\/\"},\"description\":\"Cu o experien\u021b\u0103 de peste 15 ani \u015fi peste 20,000 ore de lucru \u00een Digital Marketing, 4 companii \u00eenfiin\u021bate \u0219i active \u00een pia\u021ba, m-am str\u0103duit constant s\u0103 construiesc sisteme care s\u0103 ajute oamenii s\u0103-\u015fi valorifice pasiunea. \u00cen tot acest timp, am ajutat mai mult de 500 companii s\u0103 \u00ee\u015fi creasc\u0103 cifra de afaceri \u015fi clientela. Am mentorat \u0219i contribuit la dezvoltarea a peste 50 de profesioni\u015fti, \u00eendrum\u00e2ndu-i \u00een cariera lor \u00een Digital Marketing pe care au ales-o. Am fondat agen\u021bia de performance media, WebDigital \u0219i am fondat \u0219i lansat solutia SaaS Reefkig. Sunt membru \u00een consiliul director IAB Romania \u0219i \u00een consiliul director CEE Digital Alliance. \u00cemi doresc s\u0103 asist \u00een dezvoltarea competen\u021belor \u00een pia\u021ba de digital marketing din Rom\u00e2nia, at\u00e2t pe speciali\u0219ti, c\u00e2t \u0219i pe antreprenori.\",\"sameAs\":[\"https:\/\/www.imunteanu.com\",\"https:\/\/www.facebook.com\/irmunteanu\/\",\"https:\/\/www.instagram.com\/follow.imunteanu\/\",\"https:\/\/www.linkedin.com\/in\/imunteanu\/\",\"https:\/\/x.com\/imunteanu\",\"https:\/\/www.youtube.com\/channel\/UCW-fUwa8k8DZRlc85LT8ePA\",\"https:\/\/soundcloud.com\/user-228862969\"]}]}<\/script>\n<!-- \/ Yoast SEO plugin. -->","yoast_head_json":{"title":"About me - (ro) iMunteanu.com","robots":{"index":"index","follow":"follow","max-snippet":"max-snippet:-1","max-image-preview":"max-image-preview:large","max-video-preview":"max-video-preview:-1"},"canonical":"https:\/\/imunteanu.com\/ro\/about-me\/","og_locale":"ro_RO","og_type":"article","og_title":"About me - (ro) iMunteanu.com","og_description":"Sunt licen\u0163iat \u00een psihologie \u015fi sociologie, cu o vast\u0103 experien\u0163\u0103 \u00een marketing at\u00e2t din perspectiva agen\u0163iei, c\u00e2t \u015fi a clientului, am ajutat peste 500 companii s\u0103-\u015fi creasc\u0103 cifra de afaceri. Am antrenat \u015fi c\u0103l\u0103uzit peste 50 profesioni\u015fti de marketing, pe [&hellip;]","og_url":"https:\/\/imunteanu.com\/ro\/about-me\/","og_site_name":"(ro) iMunteanu.com","article_publisher":"https:\/\/www.facebook.com\/irmunteanu\/","article_modified_time":"2023-12-13T11:04:53+00:00","twitter_card":"summary_large_image","twitter_site":"@imunteanu","twitter_misc":{"Timp estimat pentru citire":"3 minute"},"schema":{"@context":"https:\/\/schema.org","@graph":[{"@type":"WebPage","@id":"https:\/\/imunteanu.com\/ro\/about-me\/","url":"https:\/\/imunteanu.com\/ro\/about-me\/","name":"About me - (ro) iMunteanu.com","isPartOf":{"@id":"https:\/\/imunteanu.com\/ro\/#website"},"datePublished":"2016-04-20T17:49:46+00:00","dateModified":"2023-12-13T11:04:53+00:00","breadcrumb":{"@id":"https:\/\/imunteanu.com\/ro\/about-me\/#breadcrumb"},"inLanguage":"ro-RO","potentialAction":[{"@type":"ReadAction","target":["https:\/\/imunteanu.com\/ro\/about-me\/"]}]},{"@type":"BreadcrumbList","@id":"https:\/\/imunteanu.com\/ro\/about-me\/#breadcrumb","itemListElement":[{"@type":"ListItem","position":1,"name":"Home","item":"https:\/\/imunteanu.com\/ro\/"},{"@type":"ListItem","position":2,"name":"About me"}]},{"@type":"WebSite","@id":"https:\/\/imunteanu.com\/ro\/#website","url":"https:\/\/imunteanu.com\/ro\/","name":"iMunteanu.com","description":"","publisher":{"@id":"https:\/\/imunteanu.com\/ro\/#\/schema\/person\/601f4f83c3d8535440cd02b96b7be132"},"potentialAction":[{"@type":"SearchAction","target":{"@type":"EntryPoint","urlTemplate":"https:\/\/imunteanu.com\/ro\/?s={search_term_string}"},"query-input":"required name=search_term_string"}],"inLanguage":"ro-RO"},{"@type":["Person","Organization"],"@id":"https:\/\/imunteanu.com\/ro\/#\/schema\/person\/601f4f83c3d8535440cd02b96b7be132","name":"Ionu\u021b Radu Munteanu","image":{"@type":"ImageObject","inLanguage":"ro-RO","@id":"https:\/\/imunteanu.com\/ro\/#\/schema\/person\/image\/","url":"https:\/\/secure.gravatar.com\/avatar\/50d58aa9761d409246e1243accf6d2c431c9e938d60f4013cdbe8040b278b25f?s=96&d=mm&r=g","contentUrl":"https:\/\/secure.gravatar.com\/avatar\/50d58aa9761d409246e1243accf6d2c431c9e938d60f4013cdbe8040b278b25f?s=96&d=mm&r=g","caption":"Ionu\u021b Radu Munteanu"},"logo":{"@id":"https:\/\/imunteanu.com\/ro\/#\/schema\/person\/image\/"},"description":"Cu o experien\u021b\u0103 de peste 15 ani \u015fi peste 20,000 ore de lucru \u00een Digital Marketing, 4 companii \u00eenfiin\u021bate \u0219i active \u00een pia\u021ba, m-am str\u0103duit constant s\u0103 construiesc sisteme care s\u0103 ajute oamenii s\u0103-\u015fi valorifice pasiunea. \u00cen tot acest timp, am ajutat mai mult de 500 companii s\u0103 \u00ee\u015fi creasc\u0103 cifra de afaceri \u015fi clientela. Am mentorat \u0219i contribuit la dezvoltarea a peste 50 de profesioni\u015fti, \u00eendrum\u00e2ndu-i \u00een cariera lor \u00een Digital Marketing pe care au ales-o. Am fondat agen\u021bia de performance media, WebDigital \u0219i am fondat \u0219i lansat solutia SaaS Reefkig. Sunt membru \u00een consiliul director IAB Romania \u0219i \u00een consiliul director CEE Digital Alliance. \u00cemi doresc s\u0103 asist \u00een dezvoltarea competen\u021belor \u00een pia\u021ba de digital marketing din Rom\u00e2nia, at\u00e2t pe speciali\u0219ti, c\u00e2t \u0219i pe antreprenori.","sameAs":["https:\/\/www.imunteanu.com","https:\/\/www.facebook.com\/irmunteanu\/","https:\/\/www.instagram.com\/follow.imunteanu\/","https:\/\/www.linkedin.com\/in\/imunteanu\/","https:\/\/x.com\/imunteanu","https:\/\/www.youtube.com\/channel\/UCW-fUwa8k8DZRlc85LT8ePA","https:\/\/soundcloud.com\/user-228862969"]}]}},"_links":{"self":[{"href":"https:\/\/imunteanu.com\/ro\/wp-json\/wp\/v2\/pages\/5644","targetHints":{"allow":["GET"]}}],"collection":[{"href":"https:\/\/imunteanu.com\/ro\/wp-json\/wp\/v2\/pages"}],"about":[{"href":"https:\/\/imunteanu.com\/ro\/wp-json\/wp\/v2\/types\/page"}],"author":[{"embeddable":true,"href":"https:\/\/imunteanu.com\/ro\/wp-json\/wp\/v2\/users\/2"}],"replies":[{"embeddable":true,"href":"https:\/\/imunteanu.com\/ro\/wp-json\/wp\/v2\/comments?post=5644"}],"version-history":[{"count":902,"href":"https:\/\/imunteanu.com\/ro\/wp-json\/wp\/v2\/pages\/5644\/revisions"}],"predecessor-version":[{"id":12164,"href":"https:\/\/imunteanu.com\/ro\/wp-json\/wp\/v2\/pages\/5644\/revisions\/12164"}],"wp:attachment":[{"href":"https:\/\/imunteanu.com\/ro\/wp-json\/wp\/v2\/media?parent=5644"}],"curies":[{"name":"wp","href":"https:\/\/api.w.org\/{rel}","templated":true}]}}